{"id":660,"date":"2024-02-15T14:42:20","date_gmt":"2024-02-15T13:42:20","guid":{"rendered":"https:\/\/sayyes-saycheese.com\/?page_id=660"},"modified":"2025-09-12T12:07:46","modified_gmt":"2025-09-12T10:07:46","slug":"impressum","status":"publish","type":"page","link":"https:\/\/sayyes-saycheese.com\/de\/impressum\/","title":{"rendered":"Impressum"},"content":{"rendered":"<div data-elementor-type=\"wp-page\" data-elementor-id=\"660\" class=\"elementor elementor-660\" data-elementor-post-type=\"page\">\n\t\t\t\t\t\t\t<div class=\"elementor-element elementor-element-f2cf746 e-flex e-con-boxed e-con e-parent\" data-id=\"f2cf746\" data-element_type=\"container\" data-settings=\"{&quot;background_background&quot;:&quot;classic&quot;,&quot;container_type&quot;:&quot;flex&quot;,&quot;content_width&quot;:&quot;boxed&quot;}\" data-core-v316-plus=\"true\">\n\t\t\t\t\t<div class=\"e-con-inner\">\n\t\t\t\t<div class=\"elementor-element elementor-element-4685d87e elementor-widget__width-initial elementor-widget elementor-widget-icon-box\" data-id=\"4685d87e\" data-element_type=\"widget\" data-widget_type=\"icon-box.default\">\n\t\t\t\t<div class=\"elementor-widget-container\">\n\t\t\t<link rel=\"stylesheet\" href=\"https:\/\/sayyes-saycheese.com\/wp-content\/uploads\/elementor\/css\/custom-widget-icon-box.min.css?ver=1712077894\">\t\t<div class=\"elementor-icon-box-wrapper\">\n\t\t\t\t\t\t<div class=\"elementor-icon-box-content\">\n\t\t\t\t<h2 class=\"elementor-icon-box-title\">\n\t\t\t\t\t<span  >\n\t\t\t\t\t\timpressum\t\t\t\t\t<\/span>\n\t\t\t\t<\/h2>\n\t\t\t\t\t\t\t<\/div>\n\t\t<\/div>\n\t\t\t\t<\/div>\n\t\t\t\t<\/div>\n\t\t\t\t<div class=\"elementor-element elementor-element-b4a2ad0 elementor-widget elementor-widget-text-editor\" data-id=\"b4a2ad0\" data-element_type=\"widget\" data-widget_type=\"text-editor.default\">\n\t\t\t\t<div class=\"elementor-widget-container\">\n\t\t\t<style>\/*! elementor - v3.18.0 - 20-12-2023 *\/\n.elementor-widget-text-editor.elementor-drop-cap-view-stacked .elementor-drop-cap{background-color:#69727d;color:#fff}.elementor-widget-text-editor.elementor-drop-cap-view-framed .elementor-drop-cap{color:#69727d;border:3px solid;background-color:transparent}.elementor-widget-text-editor:not(.elementor-drop-cap-view-default) .elementor-drop-cap{margin-top:8px}.elementor-widget-text-editor:not(.elementor-drop-cap-view-default) .elementor-drop-cap-letter{width:1em;height:1em}.elementor-widget-text-editor .elementor-drop-cap{float:left;text-align:center;line-height:1;font-size:50px}.elementor-widget-text-editor .elementor-drop-cap-letter{display:inline-block}<\/style>\t\t\t\t<div class=\"flex-block__element flex-block__element--element_id_14733 flex-block__element--text flex-block__element--block-blockID--46235 flex-block__element--synced\"><div class=\"flex-block__text-content\"><p>Angaben gem\u00e4\u00df \u00a7 5 TMG<\/p><\/div><\/div><div class=\"flex-block__element flex-block__element--element_id_24220 flex-block__element--text flex-block__element--block-blockID--46235 flex-block__element--editorTagsFix flex-block__element--synced\"><div class=\"flex-block__text-content height-auto\" data-font=\"second_level\/paragraph\"><p><span class=\"has-inline-font\">Carolin G\u00f6deke<\/span><\/p><p>F\u00fcrst-P\u00fcckler-Stra\u00dfe 70, 50933 K\u00f6ln<\/p><p><span class=\"has-inline-font\">Ich bin Mitglied der Handwerkskammer K\u00f6ln und im Besitz der Handwerkskarte. Mit der Bezeichnung &#8220;Fotografin&#8221; bin ich in der Handwerksrolle eingetragen. <\/span><\/p><div class=\"spacer\">\u00a0<\/div><p><u><span class=\"has-inline-font\">Kontakt<\/span><\/u><\/p><p><span class=\"has-inline-font\">E-Mail: info@sayyes-saycheese.com<\/span><\/p><p><span class=\"has-inline-font\">Ich bin nicht bereit oder verpflichtet, an Streitbeilegungsverfahren vor einer Verbraucherschlichtungsstelle teilzunehmen.<\/span><\/p><div class=\"spacer\">\u00a0<\/div><p><u><span class=\"has-inline-font\">Marke<\/span><\/u><\/p><p><span class=\"has-inline-font\">Sowohl die Wort- als auch die Wort-Bildmarke SAY YES SAY CHEESE\u00ae sind eingetragen im Markenregister des deutschen Patent- und Markenamts. Die Anmeldung wurde von den Patentanw\u00e4lten Kalkoff &amp; Partner vertreten und durchgef\u00fchrt.<\/span><\/p><div class=\"spacer\">\u00a0<\/div><p><u><span class=\"has-inline-font\">Logo<\/span><\/u><\/p><p><span class=\"has-inline-font\">Das Logo wurde von der Designerin Maya Heindrichs entworfen (https:\/\/mayaheindrichs.myportfolio.com).<\/span><\/p><div class=\"spacer\">\u00a0<\/div><p><u><span class=\"has-inline-font\">Haftung f\u00fcr Inhalte<\/span><\/u><\/p><p><span class=\"has-inline-font\">Als Diensteanbieterin bin ich gem\u00e4\u00df \u00a7 7 Abs.1 TMG f\u00fcr eigene Inhalte auf diesen Seiten nach den allgemeinen Gesetzen verantwortlich. Nach \u00a7\u00a7 8 bis 10 TMG bin ich als Diensteanbieterin jedoch nicht verpflichtet, \u00fcbermittelte oder gespeicherte fremde Informationen zu \u00fcberwachen oder nach Umst\u00e4nden zu forschen, die auf eine rechtswidrige T\u00e4tigkeit hinweisen.<\/span><\/p><p><span class=\"has-inline-font\">Verpflichtungen zur Entfernung oder Sperrung der Nutzung von Informationen nach den allgemeinen Gesetzen bleiben hiervon unber\u00fchrt. Eine diesbez\u00fcgliche Haftung ist jedoch erst ab dem Zeitpunkt der Kenntnis einer konkreten Rechtsverletzung m\u00f6glich. Bei Bekanntwerden von entsprechenden Rechtsverletzungen werde ich diese Inhalte umgehend entfernen.<\/span><\/p><div class=\"spacer\">\u00a0<\/div><p><u><span class=\"has-inline-font\">Haftung f\u00fcr Links<\/span><\/u><\/p><p><span class=\"has-inline-font\">Meine Angebote enthalten Links zu externen Websites Dritter, auf deren Inhalte ich keinen Einfluss habe. Deshalb kann ich f\u00fcr diese fremden Inhalte auch keine Gew\u00e4hr \u00fcbernehmen. F\u00fcr die Inhalte der verlinkten Seiten ist stets der\/die jeweilige Anbieter\/in oder Betreiber\/in der Seite verantwortlich. Die verlinkten Seiten wurden zum Zeitpunkt der Verlinkung auf m\u00f6gliche Rechtsverst\u00f6\u00dfe \u00fcberpr\u00fcft. Rechtswidrige Inhalte waren zum Zeitpunkt der Verlinkung nicht erkennbar.<\/span><\/p><p><span class=\"has-inline-font\">Eine permanente inhaltliche Kontrolle der verlinkten Seiten ist jedoch ohne konkrete Anhaltspunkte einer Rechtsverletzung nicht zumutbar. Bei Bekanntwerden von Rechtsverletzungen werde ich derartige Links umgehend entfernen.<\/span><\/p><div class=\"spacer\">\u00a0<\/div><p><u><span class=\"has-inline-font\">Urheberrecht<\/span><\/u><\/p><p><span class=\"has-inline-font\">Die durch mich erstellten Inhalte und Werke auf diesen Seiten unterliegen dem deutschen Urheberrecht. Die Vervielf\u00e4ltigung, Bearbeitung, Verbreitung und jede Art der Verwertung au\u00dferhalb der Grenzen des Urheberrechtes bed\u00fcrfen der schriftlichen Zustimmung meiner Person. Downloads und Kopien dieser Seite sind nur f\u00fcr den privaten, nicht kommerziellen Gebrauch gestattet.<\/span><\/p><p><span class=\"has-inline-font\">Soweit die Inhalte auf dieser Seite nicht von mir, der Betreiberin, erstellt wurden, werden die Urheberrechte Dritter beachtet. Insbesondere werden Inhalte Dritter als solche gekennzeichnet. Sollten Sie trotzdem auf eine Urheberrechtsverletzung aufmerksam werden, bitte ich Sie um einen entsprechenden Hinweis. Bei Bekanntwerden von Rechtsverletzungen werden derartige Inhalte umgehend entfernt.<\/span><\/p><\/div><\/div>\t\t\t\t\t\t<\/div>\n\t\t\t\t<\/div>\n\t\t\t\t<div class=\"elementor-element elementor-element-0040590 elementor-widget__width-initial elementor-widget elementor-widget-icon-box\" data-id=\"0040590\" data-element_type=\"widget\" data-widget_type=\"icon-box.default\">\n\t\t\t\t<div class=\"elementor-widget-container\">\n\t\t\t\t\t<div class=\"elementor-icon-box-wrapper\">\n\t\t\t\t\t\t<div class=\"elementor-icon-box-content\">\n\t\t\t\t<h2 class=\"elementor-icon-box-title\">\n\t\t\t\t\t<span  >\n\t\t\t\t\t\tdatenschutzerkl\u00e4rung\t\t\t\t\t<\/span>\n\t\t\t\t<\/h2>\n\t\t\t\t\t\t\t<\/div>\n\t\t<\/div>\n\t\t\t\t<\/div>\n\t\t\t\t<\/div>\n\t\t\t\t<div class=\"elementor-element elementor-element-4d54d6c elementor-widget elementor-widget-text-editor\" data-id=\"4d54d6c\" data-element_type=\"widget\" data-widget_type=\"text-editor.default\">\n\t\t\t\t<div class=\"elementor-widget-container\">\n\t\t\t\t\t\t\t<p>Diese Datenschutzerkl\u00e4rung informiert die Nutzer dieser Website \u00fcber die Art, den Umfang und den Zweck der Erhebung und Verwendung personenbezogener Daten durch die Websitebetreiberin Carolin G\u00f6deke.<\/p><p>Die Websitebetreiberin nimmt den Datenschutz sehr ernst und behandelt personenbezogene Daten vertraulich und entsprechend der gesetzlichen Vorschriften. Aufgrund neuer Technologien und der st\u00e4ndigen Weiterentwicklung dieser Webseite k\u00f6nnen \u00c4nderungen an dieser Datenschutzerkl\u00e4rung vorgenommen werden. Es wird empfohlen, die Datenschutzerkl\u00e4rung in regelm\u00e4\u00dfigen Abst\u00e4nden zu \u00fcberpr\u00fcfen.<\/p><p>Zugriffsdaten:<\/p><p>Die Websitebetreiberin erhebt aufgrund ihres berechtigten Interesses Daten \u00fcber Zugriffe auf die Website und speichert diese als &#8220;Server-Logfiles&#8221; auf dem Server der Website ab. Folgende Daten werden protokolliert:<\/p><ul><li>Besuchte Website<\/li><li>Uhrzeit zum Zeitpunkt des Zugriffs<\/li><li>Menge der gesendeten Daten in Byte<\/li><li>Quelle\/Verweis, von welchem Sie auf die Seite gelangten<\/li><li>Verwendeter Browser<\/li><li>Verwendetes Betriebssystem<\/li><li>Verwendete IP-Adresse<br \/>\u00a0<\/li><\/ul><p>Die Server-Logfiles werden f\u00fcr maximal 7 Tage gespeichert und anschlie\u00dfend automatisch gel\u00f6scht. Die Speicherung der Daten erfolgt aus Sicherheitsgr\u00fcnden, um z. B. Missbrauchsf\u00e4lle aufkl\u00e4ren zu k\u00f6nnen. M\u00fcssen Daten aus Beweisgr\u00fcnden aufgehoben werden, sind sie solange von der L\u00f6schung ausgenommen bis der Vorfall endg\u00fcltig gekl\u00e4rt ist.<\/p><p>Reichweitenmessung &amp; Cookies:<\/p><p>Diese Website verwendet Cookies zur pseudonymisierten Reichweitenmessung, die entweder von meinem Server oder dem Server Dritter an den Browser des Nutzers \u00fcbertragen werden. Durch den Einsatz von Cookies erh\u00f6ht sich die Benutzerfreundlichkeit und Sicherheit dieser Website. Falls Sie nicht m\u00f6chten, dass Cookies zur Reichweitenmessung auf Ihrem Endger\u00e4t gespeichert werden, k\u00f6nnen Sie dem Einsatz dieser Dateien widersprechen.<\/p><p>Erfassung und Verarbeitung personenbezogener Daten:<\/p><p>Die Websitebetreiberin erhebt, nutzt und gibt Ihre personenbezogenen Daten nur dann weiter, wenn dies im gesetzlichen Rahmen erlaubt ist oder Sie in die Datenerhebung einwilligen. Als personenbezogene Daten gelten s\u00e4mtliche Informationen, welche dazu dienen, Ihre Person zu bestimmen und welche zu Ihnen zur\u00fcckverfolgt werden k\u00f6nnen. Die Verarbeitung der personenbezogenen Daten erfolgt zur Erf\u00fcllung der vertraglich vereinbarten Leistungen und zur Optimierung des Online-Angebots.<\/p><p>Umgang mit Kontaktdaten:<\/p><p>Die Angaben, die Sie der Websitebetreiberin \u00fcber die angebotenen Kontaktm\u00f6glichkeiten zur Verf\u00fcgung stellen, werden gespeichert, damit auf diese zur Bearbeitung und Beantwortung Ihrer Anfragen zur\u00fcckgegriffen werden kann. Ohne Ihre Einwilligung werden diese Daten nicht an Dritte weitergegeben.<\/p><p>Umgang mit Kommentaren und Beitr\u00e4gen:<\/p><p>Die Websitebetreiberin speichert Ihre IP-Adresse, wenn Sie auf dieser Website einen Beitrag oder Kommentar hinterlassen. Dies dient der Sicherheit der Websitebetreiberin, da bei Verst\u00f6\u00dfen gegen geltendes Recht die Identit\u00e4t des Kommentar- bzw. Beitragsautors festgestellt werden kann.<\/p><p>Google Analytics:<\/p><p>Diese Website nutzt den Dienst &#8220;Google Analytics&#8221; zur Optimierung und Analyse des Online-Angebots. Google Analytics verwendet Cookies zur Reichweitenmessung. Sie haben die M\u00f6glichkeit, die Speicherung der Cookies zu verhindern, indem Sie entsprechende Einstellungen in Ihrem Browser vornehmen. Weitere Informationen zur Datennutzung durch Google finden Sie in den Datenschutzrichtlinien von Google.<\/p><p>Social-Media-Plugins:<\/p><p>Diese Website verwendet Social-Media-Plugins von Facebook und Instagram. Durch die Verwendung dieser Plugins werden Daten an die jeweiligen Social-Media-Plattformen \u00fcbertragen. N\u00e4here Informationen zu den Datenschutzrichtlinien und Ihren Rechten finden Sie in den Datenschutzerkl\u00e4rungen der jeweiligen Plattformen.<\/p><p>Rechte des Nutzers:<\/p><p>Sie haben das Recht, Auskunft \u00fcber Ihre gespeicherten personenbezogenen Daten zu erhalten und diese gegebenenfalls berichtigen, sperren oder l\u00f6schen zu lassen. Bei Fragen zur Erhebung, Verarbeitung oder Verwendung Ihrer personenbezogenen Daten sowie zur Aus\u00fcbung Ihrer Rechte k\u00f6nnen Sie sich an die Websitebetreiberin wenden.<\/p>\t\t\t\t\t\t<\/div>\n\t\t\t\t<\/div>\n\t\t\t\t\t<\/div>\n\t\t\t\t<\/div>\n\t\t\t\t\t\t\t<\/div>","protected":false},"excerpt":{"rendered":"<p>impressum Angaben gem\u00e4\u00df \u00a7 5 TMG Carolin G\u00f6deke F\u00fcrst-P\u00fcckler-Stra\u00dfe 70, 50933 K\u00f6ln Ich bin Mitglied der Handwerkskammer K\u00f6ln und im Besitz der Handwerkskarte. Mit der Bezeichnung &#8220;Fotografin&#8221; bin ich in der Handwerksrolle eingetragen. \u00a0 Kontakt E-Mail: info@sayyes-saycheese.com Ich bin nicht bereit oder verpflichtet, an Streitbeilegungsverfahren vor einer Verbraucherschlichtungsstelle teilzunehmen. \u00a0 Marke Sowohl die Wort- als [&hellip;]<\/p>\n","protected":false},"author":1,"featured_media":0,"parent":0,"menu_order":0,"comment_status":"closed","ping_status":"closed","template":"","meta":{"om_disable_all_campaigns":false,"_monsterinsights_skip_tracking":false,"_monsterinsights_sitenote_active":false,"_monsterinsights_sitenote_note":"","_monsterinsights_sitenote_category":0,"footnotes":""},"class_list":["post-660","page","type-page","status-publish","hentry"],"aioseo_notices":[],"_links":{"self":[{"href":"https:\/\/sayyes-saycheese.com\/de\/wp-json\/wp\/v2\/pages\/660","targetHints":{"allow":["GET"]}}],"collection":[{"href":"https:\/\/sayyes-saycheese.com\/de\/wp-json\/wp\/v2\/pages"}],"about":[{"href":"https:\/\/sayyes-saycheese.com\/de\/wp-json\/wp\/v2\/types\/page"}],"author":[{"embeddable":true,"href":"https:\/\/sayyes-saycheese.com\/de\/wp-json\/wp\/v2\/users\/1"}],"replies":[{"embeddable":true,"href":"https:\/\/sayyes-saycheese.com\/de\/wp-json\/wp\/v2\/comments?post=660"}],"version-history":[{"count":10,"href":"https:\/\/sayyes-saycheese.com\/de\/wp-json\/wp\/v2\/pages\/660\/revisions"}],"predecessor-version":[{"id":3019,"href":"https:\/\/sayyes-saycheese.com\/de\/wp-json\/wp\/v2\/pages\/660\/revisions\/3019"}],"wp:attachment":[{"href":"https:\/\/sayyes-saycheese.com\/de\/wp-json\/wp\/v2\/media?parent=660"}],"curies":[{"name":"wp","href":"https:\/\/api.w.org\/{rel}","templated":true}]}}